{"id":26,"date":"2016-02-02T18:36:14","date_gmt":"2016-02-02T18:36:14","guid":{"rendered":"http:\/\/www.beaufort-athletisme.fr\/?page_id=26"},"modified":"2026-07-27T12:30:43","modified_gmt":"2026-07-27T11:30:43","slug":"les-entrainements","status":"publish","type":"page","link":"https:\/\/www.beaufort-athletisme.fr\/?page_id=26","title":{"rendered":"Entra\u00eenements"},"content":{"rendered":"\n<h1 class=\"wp-block-heading\">SAISON 2026 \u2014 2027<\/h1>\n\n\n\n<p class=\"has-text-align-center wp-block-paragraph\">au stade Roger Ser\u00adreau \u00e0 BEAUFORT EN VALLEE (bd de la Pr\u00e9vot\u00e9), sauf pour les baby-ath\u00adl\u00e9 au gym\u00adnase de la val\u00adl\u00e9e toute la sai\u00adson, d\u00e8s la reprise le mer\u00adcre\u00addi 9 sep\u00adtem\u00adbre<br>(en salle, pour tous : gym\u00adnase de la Val\u00adl\u00e9e de d\u00e9but novem\u00adbre \u00e0 fin f\u00e9vri\u00ader, sauf le ven\u00addre\u00addi qui restera au stade)<\/p>\n\n\n\n<figure class=\"wp-block-table\"><table><tbody><tr><td class=\"has-text-align-center\" data-align=\"center\"><strong>MERCREDI<\/strong><\/td><td>ann\u00e9e de nais\u00adsance<\/td><td>cat\u00e9\u00adgories<\/td><td><strong>Ven\u00addre\u00addi<\/strong><\/td><\/tr><tr><td class=\"has-text-align-center\" data-align=\"center\"><strong>16h00 \u2014 17h00<\/strong><\/td><td>2020\u20132021<\/td><td>Baby-ath\u00adl\u00e9<\/td><td><\/td><\/tr><tr><td class=\"has-text-align-center\" data-align=\"center\" rowspan=\"2\"><strong>&nbsp;&nbsp;&nbsp;&nbsp; 17h30&nbsp; \u2014 18h30<\/strong><strong>**<\/strong>\n<p style=\"text-align: center;\">(en salle de Novem\u00adbre \u00e0 Fin F\u00e9vri\u00ader)<\/p>\n<\/td><td>2018\u20132019**<\/td><td>EA = \u00e9veils ath\u00adl\u00e9\u00adtiques**<\/td><td rowspan=\"2\"><strong>&nbsp;17h30 \u2014 18h30 <\/strong><strong>**<br><\/strong>(au stade durant<br>toute la sai\u00adson)<\/td><\/tr><tr><td class=\"has-text-align-center\" data-align=\"center\">2016 \u2014 2017**<\/td><td>PO = poussins-nes**<\/td><\/tr><tr><td class=\"has-text-align-center\" data-align=\"center\" rowspan=\"3\"><strong>18h30 \u2014 20h00&nbsp;<\/strong>(en salle de Novem\u00adbre \u00e0 Fin F\u00e9vri\u00ader)<\/td><td>2014 \u2014 2015<\/td><td>BE = ben\u00adjamins-nes<\/td><td rowspan=\"2\"><p style=\"text-align: center;\"><strong>18h30 \u2014 20h00<br><\/strong>(au stade durant<br>toute la sai\u00adson)<\/p><\/td><\/tr><tr><td class=\"has-text-align-center\" data-align=\"center\">2013<\/td><td>MI = min\u00adimes 1<sup>\u00e8re<\/sup> ann\u00e9e<\/td><\/tr><tr><td class=\"has-text-align-center\" data-align=\"center\">2012<\/td><td>MI = min\u00adimes 2<sup>\u00e8me <\/sup>ann\u00e9e<\/td><td rowspan=\"6\"><p style=\"text-align: center;\"><strong>18h300 \u2014 20h00<br><\/strong>(au stade durant<br>toute la sai\u00adson)<\/p><\/td><\/tr><tr><td class=\"has-text-align-center\" data-align=\"center\" rowspan=\"5\"><strong><em>-<\/em><\/strong><\/td><td>2010 \u2014 20101<\/td><td>CA = cadets-ettes<\/td><\/tr><tr><td class=\"has-text-align-center\" data-align=\"center\">2008 \u2014 2009<\/td><td>JU =&nbsp; juniors<\/td><\/tr><tr><td class=\"has-text-align-center\" data-align=\"center\">2005 \u2014 2006 \u2014 2007<\/td><td>ES = espoirs<\/td><\/tr><tr><td class=\"has-text-align-center\" data-align=\"center\">2004 \u00e0 1993<\/td><td>SE = seniors<\/td><\/tr><tr><td class=\"has-text-align-center\" data-align=\"center\">1992&nbsp; et avant<\/td><td>MA = mas\u00adters<\/td><\/tr><\/tbody><\/table><\/figure>\n\n\n\n<p class=\"wp-block-paragraph\">Des groupes de sp\u00e9\u00adcial\u00adit\u00e9s (pour les cadets\/juniors\/espoirs\/seniors\/masters) peu\u00advent ponctuelle\u00adment se met\u00adtre en place en fonc\u00adtion des moti\u00adva\u00adtions et de l\u2019en\u00adcadrement disponible.<\/p>\n\n\n\n<hr class=\"wp-block-separator has-alpha-channel-opacity\">\n\n\n\n<p class=\"wp-block-paragraph\">L\u2019US Beau\u00adfort Ath\u00adl\u00e9tisme a obtenu ces qual\u00adi\u00adfi\u00adca\u00adtions f\u00e9d\u00e9rales pour la sai\u00adson 2025\u20132026 :<\/p>\n\n\n\n<figure class=\"wp-block-gallery has-nested-images columns-default is-cropped wp-block-gallery-1 is-layout-flex wp-block-gallery-is-layout-flex\"><div class=\"wp-block-image\">\n<figure class=\"aligncenter size-large\"><a href=\"https:\/\/www.beaufort-athletisme.fr\/wp-content\/uploads\/2025\/12\/labels-ffa.jpg\"><img loading=\"lazy\" decoding=\"async\" width=\"781\" height=\"340\" data-id=\"6704\" src=\"https:\/\/www.beaufort-athletisme.fr\/wp-content\/uploads\/2025\/12\/labels-ffa.jpg\" alt class=\"wp-image-6704\" srcset=\"https:\/\/www.beaufort-athletisme.fr\/wp-content\/uploads\/2025\/12\/labels-ffa.jpg 781w, https:\/\/www.beaufort-athletisme.fr\/wp-content\/uploads\/2025\/12\/labels-ffa-300x131.jpg 300w, https:\/\/www.beaufort-athletisme.fr\/wp-content\/uploads\/2025\/12\/labels-ffa-768x334.jpg 768w\" sizes=\"auto, (max-width: 781px) 100vw, 781px\"><\/a><\/figure>\n<\/div><\/figure>\n","protected":false},"excerpt":{"rendered":"<p>SAISON 2026 \u2014 2027 au stade Roger Ser\u00adreau \u00e0 BEAUFORT EN VALLEE (bd de la Pr\u00e9vot\u00e9), sauf pour les baby-ath\u00adl\u00e9 au gym\u00adnase de la val\u00adl\u00e9e toute la sai\u00adson, d\u00e8s la reprise le mer\u00adcre\u00addi 9 sep\u00adtem\u00adbre(en salle, pour tous : gym\u00adnase de la Val\u00adl\u00e9e de d\u00e9but novem\u00adbre \u00e0 fin f\u00e9vri\u00ader, sauf le ven\u00addre\u00addi qui restera au <a class=\"more-link\" href=\"https:\/\/www.beaufort-athletisme.fr\/?page_id=26\">Lire plus \u2026<\/a><\/p>\n","protected":false},"author":1,"featured_media":0,"parent":0,"menu_order":0,"comment_status":"closed","ping_status":"closed","template":"","meta":{"wp_typography_post_enhancements_disabled":false,"footnotes":""},"class_list":["post-26","page","type-page","status-publish","hentry"],"featured_image_src":null,"_links":{"self":[{"href":"https:\/\/www.beaufort-athletisme.fr\/index.php?rest_route=\/wp\/v2\/pages\/26","targetHints":{"allow":["GET"]}}],"collection":[{"href":"https:\/\/www.beaufort-athletisme.fr\/index.php?rest_route=\/wp\/v2\/pages"}],"about":[{"href":"https:\/\/www.beaufort-athletisme.fr\/index.php?rest_route=\/wp\/v2\/types\/page"}],"author":[{"embeddable":true,"href":"https:\/\/www.beaufort-athletisme.fr\/index.php?rest_route=\/wp\/v2\/users\/1"}],"replies":[{"embeddable":true,"href":"https:\/\/www.beaufort-athletisme.fr\/index.php?rest_route=%2Fwp%2Fv2%2Fcomments&post=26"}],"version-history":[{"count":39,"href":"https:\/\/www.beaufort-athletisme.fr\/index.php?rest_route=\/wp\/v2\/pages\/26\/revisions"}],"predecessor-version":[{"id":6991,"href":"https:\/\/www.beaufort-athletisme.fr\/index.php?rest_route=\/wp\/v2\/pages\/26\/revisions\/6991"}],"wp:attachment":[{"href":"https:\/\/www.beaufort-athletisme.fr\/index.php?rest_route=%2Fwp%2Fv2%2Fmedia&parent=26"}],"curies":[{"name":"wp","href":"https:\/\/api.w.org\/{rel}","templated":true}]}}