{"id":3804,"date":"2022-11-13T14:40:21","date_gmt":"2022-11-13T13:40:21","guid":{"rendered":"https:\/\/www.beaufort-athletisme.fr\/?page_id=3804"},"modified":"2026-02-07T06:39:06","modified_gmt":"2026-02-07T05:39:06","slug":"devenir-juge","status":"publish","type":"page","link":"https:\/\/www.beaufort-athletisme.fr\/?page_id=3804","title":{"rendered":"Devenir juge"},"content":{"rendered":"\n<p><strong><span style=\"text-decoration: underline;\"><mark style=\"background-color:rgba(0, 0, 0, 0)\" class=\"has-inline-color has-accent-color\">Prochaine for\u00adma\u00adtion<\/mark><\/span><\/strong> U18 et plus<\/p>\n\n\n\n<p><strong>Same\u00addi 7 f\u00e9vri\u00ader 2026<\/strong> \u00e0 la Mai\u00adson des Sports aux Ponts-de-C\u00e9 : journ\u00e9e de for\u00adma\u00adtion pour d\u00e9cou\u00advrir la fonc\u00adtion de juge le matin, puis devenir juge avec une sp\u00e9\u00adcial\u00adi\u00adsa\u00adtion l\u2019apr\u00e8s-midi sur le domaine des LANCERS ou des COURSES !<\/p>\n\n\n\n<hr class=\"wp-block-separator has-alpha-channel-opacity is-style-dots\">\n\n\n\n<p><strong><span style=\"text-decoration: underline;\"><mark style=\"background-color:rgba(0, 0, 0, 0)\" class=\"has-inline-color has-accent-color\">U14-U16 : devenez jeunes-juges !<\/mark><\/span><\/strong><\/p>\n\n\n\n<p>Le pre\u00admier pas, se for\u00admer en une journ\u00e9e !<\/p>\n\n\n\n<p>Pour tous les ben\u00adjamins et min\u00adimes, apprenez facile\u00adment les r\u00e8gles de l\u2019ath\u00adl\u00e9tisme gr\u00e2ce \u00e0 une sim\u00adple for\u00adma\u00adtion : dates \u00e0 venir.<\/p>\n\n\n\n<p>Cette sai\u00adson, <strong>Bap\u00adtiste AUDION<\/strong> a par\u00adticip\u00e9 \u00e0 la for\u00adma\u00adtion qui s\u2019est d\u00e9roul\u00e9e le same\u00addi 20 d\u00e9cem\u00adbre 2025 \u00e0 Saint-Syl\u00advain-d\u2019An\u00adjou.<\/p>\n\n\n\n<hr class=\"wp-block-separator has-alpha-channel-opacity is-style-dots\">\n\n\n\n<h2 class=\"wp-block-heading\"><strong><span style=\"text-decoration: underline;\">Besoins ponctuels<\/span><\/strong><\/h2>\n\n\n\n<p>\u00c0 chaque com\u00adp\u00e9ti\u00adtion o\u00f9 un ath\u00adl\u00e8te par\u00adticipe, nous avons besoin qu\u2019un juge \u00e9gale\u00adment s\u2019y d\u00e9place. Ensuite en fonc\u00adtion du nom\u00adbre, un deux\u00adi\u00e8me ou un troisi\u00e8me peut \u00eatre req\u00aduis.<\/p>\n\n\n\n<p>Des vid\u00e9os utiles pour devenir juge : <a href=\"https:\/\/arbitrage-athletisme.fr\/juge\/courses\" target=\"_blank\" rel=\"noreferrer noopener\">https:\/\/arbitrage-athletisme.fr\/juge\/courses<\/a><\/p>\n\n\n\n<hr class=\"wp-block-separator has-alpha-channel-opacity\">\n\n\n\n<p><strong><span style=\"text-decoration: underline;\"><mark style=\"background-color:rgba(0, 0, 0, 0)\" class=\"has-inline-color has-accent-color\">Devenir juge<\/mark><\/span><\/strong><\/p>\n\n\n\n<p>-&gt;Tr\u00e8s int\u00e9res\u00adsant, surtout dans les cat\u00e9\u00adgories benjamin(e)s [U14] et min\u00adimes [U16] o\u00f9 les besoins sont plus impor\u00adtants car c\u2019est l\u2019\u00e2ge o\u00f9 ils com\u00admen\u00adcent \u00e0 r\u00e9alis\u00ader un nom\u00adbre plus impor\u00adtant de com\u00adp\u00e9ti\u00adtions.<\/p>\n\n\n\n<p>Pour devenir juge, il suf\u00adfit de suiv\u00adre quelques mod\u00adules\u2026 puis de juger sur le ter\u00adrain, avec des juges plus con\u00adfir\u00adm\u00e9s qui sont tou\u00adjours l\u00e0 pour expli\u00adquer et aider !<\/p>\n\n\n\n<p><span style=\"text-decoration: underline;\">Les mod\u00adules \u00e0 suiv\u00adre soit en pr\u00e9sen\u00adtiel, soit en visio :<\/span><\/p>\n\n\n\n<p>*M001 \u2014 Respon\u00ads\u00adabil\u00adit\u00e9 et \u00e9thique<\/p>\n\n\n\n<p>*M180 \u2014 Se situer sur un stade (visio le 24 novem\u00adbre 2023)<\/p>\n\n\n\n<p>*1 mod\u00adule de sp\u00e9\u00adcial\u00adit\u00e9 au choix : cours\u00ades, sauts, lancers<\/p>\n\n\n\n<p><a href=\"https:\/\/www.athle.fr\/bases\/liste.aspx?frmpostback=true&amp;frmbase=evenements&amp;frmmode=1&amp;frmespace=0&amp;frmsaison=2025&amp;frmdomaine=J&amp;frmfiliere=&amp;frmdiplome=&amp;frmmodule=&amp;frmligue=P-L&amp;frmdept=&amp;frmmots=\" target=\"_blank\" rel=\"noreferrer noopener\">Le cal\u00aden\u00addri\u00ader des for\u00adma\u00adtions \u00e0 venir<\/a><\/p>\n\n\n\n<hr class=\"wp-block-separator has-alpha-channel-opacity\">\n\n\n\n<p><strong><span style=\"text-decoration: underline;\">Les juges du club<\/span><\/strong><\/p>\n\n\n\n<p>Franck CHAUVEAU \u2014 r\u00e9gion\u00adal sauts<\/p>\n\n\n\n<p>Thomas DABURON \u2014 r\u00e9gion\u00adal sauts, secr\u00e9\u00adtaire e\u2011logica<\/p>\n\n\n\n<p>Alban LEBOUTEILLER \u2014 r\u00e9gion\u00adal lancers<\/p>\n\n\n\n<p>Matthieu PUCELLE \u2014 r\u00e9gion\u00adal lancers<\/p>\n\n\n\n<hr class=\"wp-block-separator has-alpha-channel-opacity\">\n\n\n\n<div style=\"height:0px\" aria-hidden=\"true\" class=\"wp-block-spacer\"><\/div>\n\n\n\n<p><strong><span style=\"text-decoration: underline;\">Les juges en for\u00adma\u00adtion<\/span><\/strong><\/p>\n\n\n\n<p>Ambre JOUAND-PUCELLE \u2014 d\u00e9parte\u00admen\u00adtal lancers<\/p>\n\n\n\n<p>Lil\u00adian PIVERT \u2014 r\u00e9gion\u00adal lancers<\/p>\n\n\n\n<hr class=\"wp-block-separator has-alpha-channel-opacity\">\n\n\n\n<p><strong><span style=\"text-decoration: underline;\">Les jeunes-juges en for\u00adma\u00adtion<\/span><\/strong><\/p>\n\n\n\n<p>Bap\u00adtiste AUDION \u2014 for\u00adma\u00adtion ini\u00adtiale suiv\u00adie en d\u00e9cem\u00adbre 2025<\/p>\n","protected":false},"excerpt":{"rendered":"<p>Prochaine for\u00adma\u00adtion U18 et plus Same\u00addi 7 f\u00e9vri\u00ader 2026 \u00e0 la Mai\u00adson des Sports aux Ponts-de-C\u00e9 : journ\u00e9e de for\u00adma\u00adtion pour d\u00e9cou\u00advrir la fonc\u00adtion de juge le matin, puis devenir juge avec une sp\u00e9\u00adcial\u00adi\u00adsa\u00adtion l\u2019apr\u00e8s-midi sur le domaine des LANCERS ou des COURSES ! U14-U16 : devenez jeunes-juges ! Le pre\u00admier pas, se for\u00admer en [\u2026]<\/p>\n","protected":false},"author":1,"featured_media":0,"parent":0,"menu_order":0,"comment_status":"closed","ping_status":"closed","template":"","meta":{"wp_typography_post_enhancements_disabled":false,"footnotes":""},"class_list":["post-3804","page","type-page","status-publish","hentry"],"featured_image_src":null,"_links":{"self":[{"href":"https:\/\/www.beaufort-athletisme.fr\/index.php?rest_route=\/wp\/v2\/pages\/3804","targetHints":{"allow":["GET"]}}],"collection":[{"href":"https:\/\/www.beaufort-athletisme.fr\/index.php?rest_route=\/wp\/v2\/pages"}],"about":[{"href":"https:\/\/www.beaufort-athletisme.fr\/index.php?rest_route=\/wp\/v2\/types\/page"}],"author":[{"embeddable":true,"href":"https:\/\/www.beaufort-athletisme.fr\/index.php?rest_route=\/wp\/v2\/users\/1"}],"replies":[{"embeddable":true,"href":"https:\/\/www.beaufort-athletisme.fr\/index.php?rest_route=%2Fwp%2Fv2%2Fcomments&post=3804"}],"version-history":[{"count":28,"href":"https:\/\/www.beaufort-athletisme.fr\/index.php?rest_route=\/wp\/v2\/pages\/3804\/revisions"}],"predecessor-version":[{"id":6771,"href":"https:\/\/www.beaufort-athletisme.fr\/index.php?rest_route=\/wp\/v2\/pages\/3804\/revisions\/6771"}],"wp:attachment":[{"href":"https:\/\/www.beaufort-athletisme.fr\/index.php?rest_route=%2Fwp%2Fv2%2Fmedia&parent=3804"}],"curies":[{"name":"wp","href":"https:\/\/api.w.org\/{rel}","templated":true}]}}